{"id":104,"date":"2023-11-10T15:38:36","date_gmt":"2023-11-10T15:38:36","guid":{"rendered":"https:\/\/guruwines.com.ar\/?page_id=104"},"modified":"2023-11-13T14:45:33","modified_gmt":"2023-11-13T14:45:33","slug":"nuestros-vinos","status":"publish","type":"page","link":"https:\/\/guruwines.com.ar\/index.php\/nuestros-vinos\/","title":{"rendered":"Nuestros Vinos"},"content":{"rendered":"\n<h1 style=\"text-align: center;\"><span style=\"color: #ad6622;\">NUESTOS VINOS<\/span><\/h1>\n\n\t\t<div class=\"tabbed-content\">\n\t\t\t\n\t\t\t<ul class=\"nav nav-tabs nav-uppercase nav-size-normal nav-center\" role=\"tablist\"><li id=\"tab-gur\u00fa-100%-malbec\" class=\"tab active has-icon\" role=\"presentation\"><a href=\"#tab_gur\u00fa-100%-malbec\" role=\"tab\" aria-selected=\"true\" aria-controls=\"tab_gur\u00fa-100%-malbec\"><span>gur\u00fa 100% malbec<\/span><\/a><\/li>\n<li id=\"tab-gur\u00fa-gran-corte\" class=\"tab has-icon\" role=\"presentation\"><a href=\"#tab_gur\u00fa-gran-corte\" tabindex=\"-1\" role=\"tab\" aria-selected=\"false\" aria-controls=\"tab_gur\u00fa-gran-corte\"><span>gur\u00fa gran corte<\/span><\/a><\/li><\/ul><div class=\"tab-panels\"><div id=\"tab_gur\u00fa-100%-malbec\" class=\"panel active entry-content\" role=\"tabpanel\" aria-labelledby=\"tab-gur\u00fa-100%-malbec\">\n\n\n\t<section class=\"section\" id=\"section_1495957301\">\n\t\t<div class=\"section-bg fill\" >\n\t\t\t<img loading=\"lazy\" decoding=\"async\" width=\"833\" height=\"1250\" src=\"https:\/\/guruwines.com.ar\/wp-content\/uploads\/2023\/11\/Fondo.jpg\" class=\"bg attachment- size-\" alt=\"\" \/>\t\t\t\t\t\t\n\t\t\t\n\t<div class=\"is-border\"\n\t\tstyle=\"border-color:rgb(235, 235, 235);border-width:1px 0px 0px 0px;\">\n\t<\/div>\n\n\t\t<\/div>\n\n\t\t\n\n\t\t<div class=\"section-content relative\">\n\t\t\t\n\n<div class=\"row align-middle align-center\"  id=\"row-162259934\">\n\n\n\t<div id=\"col-675790271\" class=\"col medium-6 small-12 large-6\"  >\n\t\t\t\t<div class=\"col-inner text-center box-shadow-5-hover\"  >\n\t\t\t\n\t\t\t\n\n\t<div class=\"img has-hover x md-x lg-x y md-y lg-y\" id=\"image_836259297\">\n\t\t\t\t\t\t\t\t<div class=\"img-inner dark\" >\n\t\t\t<img loading=\"lazy\" decoding=\"async\" width=\"648\" height=\"1024\" src=\"https:\/\/guruwines.com.ar\/wp-content\/uploads\/2023\/11\/MalbecSombra1-1-648x1024.png\" class=\"attachment-large size-large\" alt=\"Gur\u00fa 100% Malbec\" srcset=\"https:\/\/guruwines.com.ar\/wp-content\/uploads\/2023\/11\/MalbecSombra1-1-648x1024.png 648w, https:\/\/guruwines.com.ar\/wp-content\/uploads\/2023\/11\/MalbecSombra1-1-190x300.png 190w, https:\/\/guruwines.com.ar\/wp-content\/uploads\/2023\/11\/MalbecSombra1-1-768x1214.png 768w, https:\/\/guruwines.com.ar\/wp-content\/uploads\/2023\/11\/MalbecSombra1-1-971x1536.png 971w, https:\/\/guruwines.com.ar\/wp-content\/uploads\/2023\/11\/MalbecSombra1-1-600x949.png 600w, https:\/\/guruwines.com.ar\/wp-content\/uploads\/2023\/11\/MalbecSombra1-1.png 1215w\" sizes=\"auto, (max-width: 648px) 100vw, 648px\" \/>\t\t\t\t\t\t\n\t\t\t\t\t<\/div>\n\t\t\t\t\t\t\t\t\n<style>\n#image_836259297 {\n  width: 79%;\n}\n<\/style>\n\t<\/div>\n\t\n\n<h1 class=\"product-title product_title entry-title\"><span style=\"color: #ad6622;\">Gur\u00fa 100% Malbec<\/span><\/h1>\n<p><span style=\"color: #000000;\">Un blend con car\u00e1cter y elegancia. Color profundo con impactantes reflejos viol\u00e1ceos que prometen una experiencia sensorial excepcional.<\/span><\/p>\n<a href=\"https:\/\/guruwines.com.ar\/index.php\/guru-100-malbec\/\" class=\"button primary is-outline lowercase expand\" style=\"border-radius:10px;padding:0px 0px 0px 0px;\">\n\t\t<span>Ficha T\u00e9cnica<\/span>\n\t<\/a>\n\n\n<a href=\"https:\/\/guruwines.com.ar\/index.php\/product\/guru-malbec-x-6\/\" class=\"button primary is-outline lowercase expand\" style=\"border-radius:10px;padding:0px 50px 0px 50px;\">\n\t\t<span>Comprar<\/span>\n\t<\/a>\n\n\n\n\t\t<\/div>\n\t\t\t\t\n<style>\n#col-675790271 > .col-inner {\n  padding: 15px 15px 15px 15px;\n}\n<\/style>\n\t<\/div>\n\n\t\n\n<\/div>\n\n\t\t<\/div>\n\n\t\t\n<style>\n#section_1495957301 {\n  padding-top: 59px;\n  padding-bottom: 59px;\n  min-height: 300px;\n  background-color: rgb(171, 171, 171);\n}\n<\/style>\n\t<\/section>\n\t\n\n<\/div>\n<div id=\"tab_gur\u00fa-gran-corte\" class=\"panel entry-content\" role=\"tabpanel\" aria-labelledby=\"tab-gur\u00fa-gran-corte\">\n\n\n\t<section class=\"section\" id=\"section_1124544279\">\n\t\t<div class=\"section-bg fill\" >\n\t\t\t<img loading=\"lazy\" decoding=\"async\" width=\"833\" height=\"1250\" src=\"https:\/\/guruwines.com.ar\/wp-content\/uploads\/2023\/11\/Fondo.jpg\" class=\"bg attachment- size-\" alt=\"\" \/>\t\t\t\t\t\t\n\t\t\t\n\t<div class=\"is-border\"\n\t\tstyle=\"border-color:rgb(235, 235, 235);border-width:1px 0px 0px 0px;\">\n\t<\/div>\n\n\t\t<\/div>\n\n\t\t\n\n\t\t<div class=\"section-content relative\">\n\t\t\t\n\n<div class=\"row align-middle align-center\"  id=\"row-204221645\">\n\n\n\t<div id=\"col-1050273108\" class=\"col medium-6 small-12 large-6\"  >\n\t\t\t\t<div class=\"col-inner text-center box-shadow-5-hover\"  >\n\t\t\t\n\t\t\t\n\n\t<div class=\"img has-hover x md-x lg-x y md-y lg-y\" id=\"image_577132702\">\n\t\t\t\t\t\t\t\t<div class=\"img-inner dark\" >\n\t\t\t<img loading=\"lazy\" decoding=\"async\" width=\"648\" height=\"1024\" src=\"https:\/\/guruwines.com.ar\/wp-content\/uploads\/2023\/11\/GranCorteSombra1-648x1024.png\" class=\"attachment-large size-large\" alt=\"Gur\u00fa Wines Gran Corte\" srcset=\"https:\/\/guruwines.com.ar\/wp-content\/uploads\/2023\/11\/GranCorteSombra1-648x1024.png 648w, https:\/\/guruwines.com.ar\/wp-content\/uploads\/2023\/11\/GranCorteSombra1-190x300.png 190w, https:\/\/guruwines.com.ar\/wp-content\/uploads\/2023\/11\/GranCorteSombra1-768x1214.png 768w, https:\/\/guruwines.com.ar\/wp-content\/uploads\/2023\/11\/GranCorteSombra1-972x1536.png 972w, https:\/\/guruwines.com.ar\/wp-content\/uploads\/2023\/11\/GranCorteSombra1-600x948.png 600w, https:\/\/guruwines.com.ar\/wp-content\/uploads\/2023\/11\/GranCorteSombra1.png 1256w\" sizes=\"auto, (max-width: 648px) 100vw, 648px\" \/>\t\t\t\t\t\t\n\t\t\t\t\t<\/div>\n\t\t\t\t\t\t\t\t\n<style>\n#image_577132702 {\n  width: 79%;\n}\n<\/style>\n\t<\/div>\n\t\n\n<h1 class=\"product-title product_title entry-title\"><span style=\"color: #ad6622;\">Gur\u00fa Gran Corte<\/span><\/h1>\n<p>El acto de acercar la copa a la nariz revela la frescura y aromas de frutos rojos, acompa\u00f1ados de notas especiadas y florales, balanceando esta sinfon\u00eda olfativa con la vainilla y el chocolate negro aportado durante su crianza de 10 eses en roble franc\u00e9s.<\/p>\n<a href=\"https:\/\/guruwines.com.ar\/index.php\/guru-gran-corte\/\" class=\"button primary is-outline lowercase expand\" style=\"border-radius:10px;padding:0px 0px 0px 0px;\">\n\t\t<span>Ficha T\u00e9cnica<\/span>\n\t<\/a>\n\n\n<a href=\"https:\/\/guruwines.com.ar\/index.php\/product\/guru-gran-corte-x-3-unidades\/\" class=\"button primary is-outline lowercase expand\" style=\"border-radius:10px;padding:0px 50px 0px 50px;\">\n\t\t<span>Comprar<\/span>\n\t<\/a>\n\n\n\n\t\t<\/div>\n\t\t\t\t\n<style>\n#col-1050273108 > .col-inner {\n  padding: 15px 15px 15px 15px;\n}\n<\/style>\n\t<\/div>\n\n\t\n\n<\/div>\n\n\t\t<\/div>\n\n\t\t\n<style>\n#section_1124544279 {\n  padding-top: 59px;\n  padding-bottom: 59px;\n  min-height: 300px;\n  background-color: rgb(171, 171, 171);\n}\n<\/style>\n\t<\/section>\n\t\n\n<\/div><\/div><\/div>\n\n","protected":false},"excerpt":{"rendered":"","protected":false},"author":1,"featured_media":0,"parent":0,"menu_order":0,"comment_status":"closed","ping_status":"closed","template":"","meta":{"_seopress_robots_primary_cat":"","_seopress_titles_title":"","_seopress_titles_desc":"","_seopress_robots_index":"","_joinchat":[],"footnotes":""},"class_list":["post-104","page","type-page","status-publish","hentry"],"_links":{"self":[{"href":"https:\/\/guruwines.com.ar\/index.php\/wp-json\/wp\/v2\/pages\/104","targetHints":{"allow":["GET"]}}],"collection":[{"href":"https:\/\/guruwines.com.ar\/index.php\/wp-json\/wp\/v2\/pages"}],"about":[{"href":"https:\/\/guruwines.com.ar\/index.php\/wp-json\/wp\/v2\/types\/page"}],"author":[{"embeddable":true,"href":"https:\/\/guruwines.com.ar\/index.php\/wp-json\/wp\/v2\/users\/1"}],"replies":[{"embeddable":true,"href":"https:\/\/guruwines.com.ar\/index.php\/wp-json\/wp\/v2\/comments?post=104"}],"version-history":[{"count":18,"href":"https:\/\/guruwines.com.ar\/index.php\/wp-json\/wp\/v2\/pages\/104\/revisions"}],"predecessor-version":[{"id":250,"href":"https:\/\/guruwines.com.ar\/index.php\/wp-json\/wp\/v2\/pages\/104\/revisions\/250"}],"wp:attachment":[{"href":"https:\/\/guruwines.com.ar\/index.php\/wp-json\/wp\/v2\/media?parent=104"}],"curies":[{"name":"wp","href":"https:\/\/api.w.org\/{rel}","templated":true}]}}